{"id":3403,"date":"2017-12-29T14:44:09","date_gmt":"2017-12-29T13:44:09","guid":{"rendered":"http:\/\/www.youznagold.de\/YOUZ2012\/wordpress\/?page_id=3403"},"modified":"2023-02-21T09:57:06","modified_gmt":"2023-02-21T08:57:06","slug":"schulsozialarbeit-an-der-zellerschule","status":"publish","type":"page","link":"https:\/\/www.youznagold.de\/YOUZ2012\/wordpress\/?page_id=3403","title":{"rendered":"Schulsozialarbeit an der Zellerschule"},"content":{"rendered":"<h3>Unser Team an der Zellerschule:&nbsp;&nbsp;<\/h3>\n<p>&nbsp;<\/p>\n<p><strong><a href=\"https:\/\/www.youznagold.de\/YOUZ2012\/wordpress\/wp-content\/uploads\/2021\/09\/JanR.jpg\"><img loading=\"lazy\" decoding=\"async\" class=\"alignleft wp-image-4964\" src=\"https:\/\/www.youznagold.de\/YOUZ2012\/wordpress\/wp-content\/uploads\/2021\/09\/JanR.jpg\" alt=\"\" width=\"205\" height=\"266\"><\/a>Jan Ruggaber<br \/>\n<\/strong>Schulsozialarbeit Zellerschule Nagold<br \/>\nLange Stra\u00dfe 19<br \/>\n72202 Nagold<\/p>\n<p><a href=\"mailto:schulsozialarbeit@zellerschule-nagold.de\">schulsozialarbeit@zellerschule-nagold.de<\/a>&nbsp;<br \/>\nMobil:&nbsp; 01575 13 09 37 9<\/p>\n<p>&nbsp;<\/p>\n<p>&nbsp;<\/p>\n<p><strong><a href=\"https:\/\/www.youznagold.de\/YOUZ2012\/wordpress\/wp-content\/uploads\/2023\/02\/Liane-Mayer.jpg\"><img loading=\"lazy\" decoding=\"async\" class=\"alignleft wp-image-5422\" src=\"https:\/\/www.youznagold.de\/YOUZ2012\/wordpress\/wp-content\/uploads\/2023\/02\/Liane-Mayer.jpg\" alt=\"\" width=\"205\" height=\"266\"><\/a>Liane Mayer<\/strong><br \/>\nSchulsozialarbeit Zellerschule<br \/>\nLange Stra\u00dfe 19<br \/>\n72202 Nagold<\/p>\n<p><a href=\"mailto:Liane.Mayer@YOUZNagold.de\">Liane.Mayer@YOUZNagold.de<\/a><br \/>\nMobil: 0157 345 02 558<\/p>\n<p>&nbsp;<\/p>\n<p>&nbsp;<\/p>\n<p>Die Schulsozialarbeit an der Zellerschule Nagold besteht seit 1999.<\/p>\n<p>Das B\u00fcro, und somit die Anlaufstelle f\u00fcr Sch\u00fcler*innen, Lehrer*innen und Eltern, befindet sich in zentraler Lage im Schulhaus (Raum 110, EG)<\/p>\n<p>&nbsp;<\/p>\n<p><strong>Liebe Sch\u00fclerinnen und Sch\u00fcler, liebe Eltern und Erziehungsberechtigte, liebe Lehrerinnen und Lehrer,<\/strong><\/p>\n<p>Die Schulsozialarbeit ist ein kostenloses Angebot mit dem Ziel Kinder und Jugendliche, Eltern und Erziehungsberechtigte sowie Lehrkr\u00e4fte zu begleiten, zu unterst\u00fctzen und zu f\u00f6rdern. Sie ist dabei neutral, hilft, schafft Vertrauen, schlichtet, vernetzt und h\u00f6rt zu und dies immer unter den Prinzipien der Freiwilligkeit und Verschwiegenheit.<\/p>\n<p><strong>Schulsozialarbeit f\u00fcr Sch\u00fclerinnen und Sch\u00fcler bietet:<\/strong><\/p>\n<ul>\n<li>Eine neutrale Ansprechperson in schwierigen Situationen<\/li>\n<li>Beratung und Unterst\u00fctzung bei schulischen und pers\u00f6nlichen Anliegen<\/li>\n<li>Unterst\u00fctzung bei Konfliktl\u00f6sungen oder Mobbing<\/li>\n<li>Gruppenangebote zur F\u00f6rderung von Sozialen Kompetenzen und Pr\u00e4ventionsarbeit in den Klassen und bei Mittagsangeboten<\/li>\n<li>Unterst\u00fctzung und Hilfe bei der Praktikumssuche sowie beim \u00dcbergang von Schule in den Beruf<\/li>\n<\/ul>\n<p><strong>Schulsozialarbeit f\u00fcr Eltern und Erziehungsberechtigte bietet:<\/strong><\/p>\n<ul>\n<li>Eine neutrale Ansprechperson<\/li>\n<li>Unterst\u00fctzung und Beratung bei schulischen und famili\u00e4ren Problemen, sowie bei Fragen zur Erziehung<\/li>\n<li>Unterst\u00fctzung und Koordinierung bei der Zusammenarbeit zwischen \u00c4mtern und au\u00dferschulischen Einrichtungen<\/li>\n<li>Mitwirkung bei schulischen Aktivit\u00e4ten, Elterngespr\u00e4chen, Festen und Feiern<\/li>\n<\/ul>\n<p><strong>Schulsozialarbeit f\u00fcr Lehrkr\u00e4fte und Schulleitung bietet:<\/strong><\/p>\n<ul>\n<li>Einzelgespr\u00e4che zu schulischen, sozialen und p\u00e4dagogischen Fragen<\/li>\n<li>Begleitende Beratung bei Schulgespr\u00e4chen und in der Zusammenarbeit mit anderen Institutionen<\/li>\n<\/ul>\n<p>Bei Problemen, Fragen, Anregungen oder wenn Ihr\/ Sie einfach nur ein offenes Ohr zum reden braucht\/ brauchen,&nbsp; sind wir telefonisch, per E-Mail oder pers\u00f6nlich nach Terminvereinbarung f\u00fcr Euch\/Sie erreichbar.<\/p>\n<p>Wir freuen uns auf eine gute Zusammenarbeit.<\/p>\n<p>&nbsp;<\/p>\n<p>&nbsp;<\/p>\n","protected":false},"excerpt":{"rendered":"<p>Unser Team an der Zellerschule:&nbsp;&nbsp; &nbsp; Jan Ruggaber Schulsozialarbeit Zellerschule Nagold Lange Stra\u00dfe 19 72202 Nagold schulsozialarbeit@zellerschule-nagold.de&nbsp; Mobil:&nbsp; 01575 13 09 37 9 &nbsp; &nbsp; Liane Mayer Schulsozialarbeit Zellerschule Lange Stra\u00dfe 19 72202 Nagold Liane.Mayer@YOUZNagold.de Mobil: 0157 345 02 558 &nbsp; &nbsp; Die Schulsozialarbeit an der Zellerschule Nagold besteht seit 1999. Das B\u00fcro, und somit [&hellip;]<\/p>\n","protected":false},"author":3,"featured_media":0,"parent":0,"menu_order":0,"comment_status":"closed","ping_status":"closed","template":"","meta":{"ngg_post_thumbnail":0,"footnotes":""},"class_list":["post-3403","page","type-page","status-publish","hentry"],"_links":{"self":[{"href":"https:\/\/www.youznagold.de\/YOUZ2012\/wordpress\/index.php?rest_route=\/wp\/v2\/pages\/3403","targetHints":{"allow":["GET"]}}],"collection":[{"href":"https:\/\/www.youznagold.de\/YOUZ2012\/wordpress\/index.php?rest_route=\/wp\/v2\/pages"}],"about":[{"href":"https:\/\/www.youznagold.de\/YOUZ2012\/wordpress\/index.php?rest_route=\/wp\/v2\/types\/page"}],"author":[{"embeddable":true,"href":"https:\/\/www.youznagold.de\/YOUZ2012\/wordpress\/index.php?rest_route=\/wp\/v2\/users\/3"}],"replies":[{"embeddable":true,"href":"https:\/\/www.youznagold.de\/YOUZ2012\/wordpress\/index.php?rest_route=%2Fwp%2Fv2%2Fcomments&post=3403"}],"version-history":[{"count":14,"href":"https:\/\/www.youznagold.de\/YOUZ2012\/wordpress\/index.php?rest_route=\/wp\/v2\/pages\/3403\/revisions"}],"predecessor-version":[{"id":5427,"href":"https:\/\/www.youznagold.de\/YOUZ2012\/wordpress\/index.php?rest_route=\/wp\/v2\/pages\/3403\/revisions\/5427"}],"wp:attachment":[{"href":"https:\/\/www.youznagold.de\/YOUZ2012\/wordpress\/index.php?rest_route=%2Fwp%2Fv2%2Fmedia&parent=3403"}],"curies":[{"name":"wp","href":"https:\/\/api.w.org\/{rel}","templated":true}]}}