{"id":2567,"date":"2015-11-03T18:36:42","date_gmt":"2015-11-03T17:36:42","guid":{"rendered":"http:\/\/www.youznagold.de\/YOUZ2012\/wordpress\/?page_id=2567"},"modified":"2026-01-14T13:33:26","modified_gmt":"2026-01-14T12:33:26","slug":"stellenangebote","status":"publish","type":"page","link":"https:\/\/www.youznagold.de\/YOUZ2012\/wordpress\/?page_id=2567","title":{"rendered":"Bundesfreiwilligendienst (BFD)"},"content":{"rendered":"<p><center><iframe loading=\"lazy\" title=\"YouTube video player\" src=\"https:\/\/www.youtube.com\/embed\/gWEQxfj321A\" width=\"560\" height=\"315\" frameborder=\"0\" allowfullscreen=\"allowfullscreen\"><\/iframe><\/center>&nbsp;<\/p>\n<p><strong>BUNDESFREIWILLIGENDIENST &nbsp;in der Kinderbetreuung f\u00fcr 2026\/27!&nbsp;<br \/>\nBewirb dich bei uns! <\/strong><\/p>\n<p>Das YOUZ Nagold e.V. sucht&nbsp; Freiwillige, die im Zeitraum vom 10. September 2026 bis zum 09. September 2027 einen <strong>Bundesfreiwilligendienst (BFD)<\/strong> absolvieren m\u00f6chten.<\/p>\n<p><strong>BFD in der Kinderkiste<br \/>\n<\/strong>Ganztageskinderbetreuung an der Zellerschule Nagold (Grundschule)<br \/>\nDauer: 12 Monate (Mitte September bis Mitte August, ab Mitte August Urlaub)<br \/>\nWochenarbeitszeit:&nbsp; &nbsp; &nbsp;30 Stunden<br \/>\nVerg\u00fctung:&nbsp;&nbsp;&nbsp;&nbsp;&nbsp;&nbsp;&nbsp;&nbsp;&nbsp;&nbsp;&nbsp;&nbsp;&nbsp;&nbsp;&nbsp;&nbsp;&nbsp; 500 \u20ac pro Monat<br \/>\nUrlaub:&nbsp;&nbsp;&nbsp;&nbsp;&nbsp;&nbsp;&nbsp;&nbsp;&nbsp;&nbsp;&nbsp;&nbsp;&nbsp;&nbsp;&nbsp;&nbsp;&nbsp;&nbsp;&nbsp;&nbsp;&nbsp;&nbsp;&nbsp; 26 Tage in den meisten Schulferienzeiten<br \/>\nSeminare:&nbsp;&nbsp;&nbsp;&nbsp;&nbsp;&nbsp;&nbsp;&nbsp;&nbsp;&nbsp;&nbsp;&nbsp;&nbsp;&nbsp;&nbsp;&nbsp;&nbsp;&nbsp; 25 &nbsp;Tage verteilt \u00fcber 12 Monate mit spannenden Themen<br \/>\n&nbsp; &nbsp; &nbsp; &nbsp; &nbsp; &nbsp; &nbsp; &nbsp; &nbsp; &nbsp; &nbsp; &nbsp; &nbsp; &nbsp; &nbsp; &nbsp; &nbsp; &nbsp; im Bildungszentrum Karlsruhe&nbsp;<\/p>\n<p><strong>&nbsp;<\/strong><strong>Wer sind wir?<\/strong><\/p>\n<ul>\n<li>Wir sind ein Verein f\u00fcr Kinder- und Jugendarbeit in Nagold<\/li>\n<li>Unser Slogan: We are Family&#x1f60a;!<\/li>\n<li>Wir organisieren die Ganztagesbetreuung an der Zellerschule<\/li>\n<li>Wir sind Tr\u00e4ger der Schulsozialarbeit an 9 Nagolder Schulen<\/li>\n<li>Ein offener Jugendhaustreffpunkt mit vielen Angeboten<\/li>\n<li>Integrationsangebote und internationale Austauschprogramme<\/li>\n<\/ul>\n<p><strong>Wir bieten Dir<\/strong><\/p>\n<ul>\n<li>Neue Erfahrungen sammeln und soziale Kompetenzen st\u00e4rken als sp\u00e4tere Berufsorientierung<\/li>\n<li>Eine angenehme Arbeitsatmosph\u00e4re und Teamarbeit<\/li>\n<li>Die M\u00f6glichkeit deine Eignung f\u00fcr einen sozialen Beruf zu \u00fcberpr\u00fcfen<\/li>\n<li>Ausprobieren, welche T\u00e4tigkeiten zu Dir passen und was Dir Spa\u00df macht<\/li>\n<li>Andere Freiwillige bei den Bildungstagen treffen<\/li>\n<\/ul>\n<p><strong>Das solltest du mitbringen<\/strong><\/p>\n<ul>\n<li>Freude an der Arbeit mit Kindern und Jugendlichen<\/li>\n<li>Freude an Bewegungs-, Spiel und Sportangeboten f\u00fcr Kinder<\/li>\n<li>Lust auf ein Jahr voller einmaliger Erfahrungen und Eindr\u00fccke<\/li>\n<\/ul>\n<p><strong>Aufgaben im BFD-Jahr<\/strong><\/p>\n<ul>\n<li>Mensabegleitung in der Grundschule (Zellerschule)<\/li>\n<li>Lernzeit \/ Hausaufgabenbetreuung<\/li>\n<li>Begleitung und Unterst\u00fctzung von AGs am Nachmittag<\/li>\n<li>\u00dcbernahme von kleineren organisatorischen Aufgaben<\/li>\n<li>Teilnahme und Beteiligung an w\u00f6chentlichen Dienstbesprechungen und BFD Teamsitzungen<\/li>\n<\/ul>\n<p>&nbsp;<\/p>\n<p><strong>So kannst Du Dich Bewerben<\/strong><\/p>\n<p>Wenn du Lust hast, ein Teil der <strong><em>YOUZ Family<\/em><\/strong> zu werden, dann bewerbe dich bitte schriftlich oder per E-Mail.<\/p>\n<p>Wir freuen uns auf Deine Bewerbung.<\/p>\n<p>&nbsp;<\/p>\n<p>Zust\u00e4ndig ist Gerd Hufschmidt<br \/>\n<a href=\"mailto:Gerd.Hufschmidt@YOUZNagold.de\">Gerd.Hufschmidt@YOUZNagold.de<\/a><\/p>\n<p>YOUZ Nagold e.V.<br \/>\nEuropaplatz 1<br \/>\n72202 Nagold<\/p>\n<p>Tel. 07452 &#8211; 5111<\/p>\n<p>F\u00fcr R\u00fcckfragen stehen wir gern zur Verf\u00fcgung!<\/p>\n<p>&nbsp;<\/p>\n","protected":false},"excerpt":{"rendered":"<p>&nbsp; BUNDESFREIWILLIGENDIENST &nbsp;in der Kinderbetreuung f\u00fcr 2026\/27!&nbsp; Bewirb dich bei uns! Das YOUZ Nagold e.V. sucht&nbsp; Freiwillige, die im Zeitraum vom 10. September 2026 bis zum 09. September 2027 einen Bundesfreiwilligendienst (BFD) absolvieren m\u00f6chten. BFD in der Kinderkiste Ganztageskinderbetreuung an der Zellerschule Nagold (Grundschule) Dauer: 12 Monate (Mitte September bis Mitte August, ab Mitte August [&hellip;]<\/p>\n","protected":false},"author":3,"featured_media":0,"parent":0,"menu_order":0,"comment_status":"closed","ping_status":"closed","template":"","meta":{"ngg_post_thumbnail":0,"footnotes":""},"class_list":["post-2567","page","type-page","status-publish","hentry"],"_links":{"self":[{"href":"https:\/\/www.youznagold.de\/YOUZ2012\/wordpress\/index.php?rest_route=\/wp\/v2\/pages\/2567","targetHints":{"allow":["GET"]}}],"collection":[{"href":"https:\/\/www.youznagold.de\/YOUZ2012\/wordpress\/index.php?rest_route=\/wp\/v2\/pages"}],"about":[{"href":"https:\/\/www.youznagold.de\/YOUZ2012\/wordpress\/index.php?rest_route=\/wp\/v2\/types\/page"}],"author":[{"embeddable":true,"href":"https:\/\/www.youznagold.de\/YOUZ2012\/wordpress\/index.php?rest_route=\/wp\/v2\/users\/3"}],"replies":[{"embeddable":true,"href":"https:\/\/www.youznagold.de\/YOUZ2012\/wordpress\/index.php?rest_route=%2Fwp%2Fv2%2Fcomments&post=2567"}],"version-history":[{"count":38,"href":"https:\/\/www.youznagold.de\/YOUZ2012\/wordpress\/index.php?rest_route=\/wp\/v2\/pages\/2567\/revisions"}],"predecessor-version":[{"id":6060,"href":"https:\/\/www.youznagold.de\/YOUZ2012\/wordpress\/index.php?rest_route=\/wp\/v2\/pages\/2567\/revisions\/6060"}],"wp:attachment":[{"href":"https:\/\/www.youznagold.de\/YOUZ2012\/wordpress\/index.php?rest_route=%2Fwp%2Fv2%2Fmedia&parent=2567"}],"curies":[{"name":"wp","href":"https:\/\/api.w.org\/{rel}","templated":true}]}}